{"id":811,"date":"2015-09-01T23:45:56","date_gmt":"2015-09-01T23:45:56","guid":{"rendered":"http:\/\/www3.agrupamentoverticalgaviao.pt\/pt\/?page_id=811"},"modified":"2026-03-30T21:21:50","modified_gmt":"2026-03-30T21:21:50","slug":"contratacao-de-escola","status":"publish","type":"page","link":"https:\/\/www.agrupamentoverticalgaviao.pt\/?page_id=811","title":{"rendered":"Contrata\u00e7\u00e3o de Escola"},"content":{"rendered":"\n<h3 class=\"wp-block-heading\">Hor\u00e1rio 2<\/h3>\n\n\n\n<div class=\"wp-block-file\"><a id=\"wp-block-file--media-d30be485-f1c0-4dd5-a280-8d0e47dd2e38\" href=\"https:\/\/www.agrupamentoverticalgaviao.pt\/wp-content\/uploads\/2025\/09\/H2-Lista-Ordenada-de-Candidatos-GR520_2025-2026.pdf\" target=\"_blank\" rel=\"noreferrer noopener\">H2 &#8211; Lista Ordenada de Candidatos-GR520_2025-2026<\/a><\/div>\n\n\n\n<h3 class=\"wp-block-heading\">Hor\u00e1rio 4<\/h3>\n\n\n\n<div class=\"wp-block-file\"><a id=\"wp-block-file--media-e7903d65-d58f-4e4b-a210-f294a2d95f96\" href=\"https:\/\/www.agrupamentoverticalgaviao.pt\/wp-content\/uploads\/2025\/08\/H4-Concurso-de-Contratacao-de-Psicologo_2025-2026.pdf\" target=\"_blank\" rel=\"noreferrer noopener\">H4 &#8211; Concurso de Contrata\u00e7\u00e3o de Psic\u00f3logo 2025-2026<\/a><\/div>\n\n\n\n<div class=\"wp-block-file\"><a id=\"wp-block-file--media-f94f31b1-1406-4789-b4df-001cd2c55334\" href=\"https:\/\/www.agrupamentoverticalgaviao.pt\/wp-content\/uploads\/2025\/09\/H4-lista-ordenada-candidatos_2.pdf\" target=\"_blank\" rel=\"noreferrer noopener\">H4 &#8211; Lista Ordenada de Candidatos<\/a><\/div>\n\n\n\n<div class=\"wp-block-file\"><a id=\"wp-block-file--media-3f8ccdf6-2151-46e9-8148-e6e7f7359b75\" href=\"https:\/\/www.agrupamentoverticalgaviao.pt\/wp-content\/uploads\/2025\/09\/H4-convocatoria-entrevistas_2.pdf\" target=\"_blank\" rel=\"noreferrer noopener\">H4 &#8211; Convocat\u00f3ria Entrevistas<\/a><\/div>\n\n\n\n<div class=\"wp-block-file\"><a id=\"wp-block-file--media-46258f32-10ee-4c3a-bc60-564f265ad06d\" href=\"https:\/\/www.agrupamentoverticalgaviao.pt\/wp-content\/uploads\/2025\/09\/H4-lista-final-ordenada-de-candidatos.pdf\" target=\"_blank\" rel=\"noreferrer noopener\">H4 &#8211; Lista Final Ordenada de Candidatos<\/a><\/div>\n\n\n\n<h3 class=\"wp-block-heading\">Hor\u00e1rio 5<\/h3>\n\n\n\n<div class=\"wp-block-file\"><a id=\"wp-block-file--media-68149fb9-ffcb-4978-b390-ff3a17cc08bc\" href=\"https:\/\/www.agrupamentoverticalgaviao.pt\/wp-content\/uploads\/2025\/08\/H5-Concurso-de-Contratacao-de-Terapeuta-da-Fala_2025-2026.pdf\" target=\"_blank\" rel=\"noreferrer noopener\">H5 &#8211; Concurso de Contrata\u00e7\u00e3o de Terapeuta da Fala 2025-2026<\/a><\/div>\n\n\n\n<div class=\"wp-block-file\"><a id=\"wp-block-file--media-3416008b-20c2-4fa5-99aa-da0e74833513\" href=\"https:\/\/www.agrupamentoverticalgaviao.pt\/wp-content\/uploads\/2025\/09\/H5-lista-ordenada-candidatos.pdf\" target=\"_blank\" rel=\"noreferrer noopener\">H5 &#8211; Lista Ordenada de Candidatos<\/a><\/div>\n\n\n\n<div class=\"wp-block-file\"><a id=\"wp-block-file--media-8aad8bdf-8b2b-46ba-885e-91e1f1692101\" href=\"https:\/\/www.agrupamentoverticalgaviao.pt\/wp-content\/uploads\/2025\/09\/H5-convocatoria-entrevistas.pdf\" target=\"_blank\" rel=\"noreferrer noopener\">H5 &#8211; Convocat\u00f3ria Entrevistas<\/a><\/div>\n\n\n\n<div class=\"wp-block-file\"><a id=\"wp-block-file--media-27e4ec39-f6f7-45a7-915c-ad7e502b1660\" href=\"https:\/\/www.agrupamentoverticalgaviao.pt\/wp-content\/uploads\/2025\/09\/H5-lista-final-ordenada-de-candidatos.pdf\" target=\"_blank\" rel=\"noreferrer noopener\">H5 &#8211; Lista Final Ordenada de Candidatos<\/a><\/div>\n\n\n\n<h3 class=\"wp-block-heading\">Hor\u00e1rio 6<\/h3>\n\n\n\n<div class=\"wp-block-file\"><a id=\"wp-block-file--media-f376ccbc-bde9-4021-b307-2df744a9dfca\" href=\"https:\/\/www.agrupamentoverticalgaviao.pt\/wp-content\/uploads\/2025\/08\/H6-Contratacao-de-Escola-2025-2026_CP-Turismo.pdf\" target=\"_blank\" rel=\"noreferrer noopener\">H6 &#8211; Contrata\u00e7\u00e3o de Escola-2025-2026_CP Turismo<\/a><\/div>\n\n\n\n<div class=\"wp-block-file\"><a id=\"wp-block-file--media-929136cd-ffad-4eef-9b63-152ce9bfd38f\" href=\"https:\/\/www.agrupamentoverticalgaviao.pt\/wp-content\/uploads\/2025\/09\/H6-lista-ordenada-candidatos_2.pdf\" target=\"_blank\" rel=\"noreferrer noopener\">H6 &#8211; Lista Ordenada de Candidatos<\/a><\/div>\n\n\n\n<div class=\"wp-block-file\"><a id=\"wp-block-file--media-eb89a228-2564-4bcc-8944-f563c2a58192\" href=\"https:\/\/www.agrupamentoverticalgaviao.pt\/wp-content\/uploads\/2025\/09\/H6-convocatoria-entrevistas-2.pdf\" target=\"_blank\" rel=\"noreferrer noopener\">H6 &#8211; Convocat\u00f3ria Entrevistas<\/a><\/div>\n\n\n\n<div class=\"wp-block-file\"><a id=\"wp-block-file--media-4ec4369a-dafe-491c-ae96-0e240b5da2ce\" href=\"https:\/\/www.agrupamentoverticalgaviao.pt\/wp-content\/uploads\/2025\/09\/H6-lista-final-ordenada-de-candidatos.pdf\" target=\"_blank\" rel=\"noreferrer noopener\">H6 &#8211; Lista Final Ordenada de Candidatos<\/a><\/div>\n\n\n\n<h3 class=\"wp-block-heading\">Hor\u00e1rio 7<\/h3>\n\n\n\n<div class=\"wp-block-file\"><a id=\"wp-block-file--media-d64230e0-9f88-4dd7-a013-a90c7fd2f1cd\" href=\"https:\/\/www.agrupamentoverticalgaviao.pt\/wp-content\/uploads\/2025\/08\/Aviso-H7-Contratacao-de-Escola-2025-2026_CP-Desporto.pdf\" target=\"_blank\" rel=\"noreferrer noopener\">H7 &#8211; Contrata\u00e7\u00e3o de Escola 2025\/2026_CP Desporto<\/a><\/div>\n\n\n\n<div class=\"wp-block-file\"><a id=\"wp-block-file--media-e4dbdb11-763c-4777-abf2-e922e3789b75\" href=\"https:\/\/www.agrupamentoverticalgaviao.pt\/wp-content\/uploads\/2025\/09\/H7-lista-ordenada-candidatos_2.pdf\" target=\"_blank\" rel=\"noreferrer noopener\">H7 &#8211; Lista Ordenada de Candidatos<\/a><\/div>\n\n\n\n<div class=\"wp-block-file\"><a id=\"wp-block-file--media-db790e00-4210-4ea3-a1c9-079c791c600e\" href=\"https:\/\/www.agrupamentoverticalgaviao.pt\/wp-content\/uploads\/2025\/09\/H7-contratacao-entrevistas_2.pdf\" target=\"_blank\" rel=\"noreferrer noopener\">H7 &#8211; Contrata\u00e7\u00e3o Entrevistas<\/a><\/div>\n\n\n\n<div class=\"wp-block-file\"><a id=\"wp-block-file--media-2f3d7619-699f-49d9-8a0f-f52606638f84\" href=\"https:\/\/www.agrupamentoverticalgaviao.pt\/wp-content\/uploads\/2025\/09\/H7-lista-final-ordenada-de-candidatos.pdf\" target=\"_blank\" rel=\"noreferrer noopener\">H7 &#8211; Lista Final Ordenada de Candidatos<\/a><\/div>\n\n\n\n<h3 class=\"wp-block-heading\">Hor\u00e1rio 8<\/h3>\n\n\n\n<div class=\"wp-block-file\"><a id=\"wp-block-file--media-f72bcf76-288f-447c-b35a-0b77ed3fe633\" href=\"https:\/\/www.agrupamentoverticalgaviao.pt\/wp-content\/uploads\/2025\/09\/Aviso-H8-Contratacao-de-Escola-2025-2026_CP-Saude_2.pdf\" target=\"_blank\" rel=\"noreferrer noopener\">H8 &#8211; Contrata\u00e7\u00e3o de Escola 2025\/2026 CP Sa\u00fade (V2)<\/a><\/div>\n\n\n\n<div class=\"wp-block-file\"><a id=\"wp-block-file--media-d1c851a8-5e64-40fb-9c53-5eb39cd6f9bd\" href=\"https:\/\/www.agrupamentoverticalgaviao.pt\/wp-content\/uploads\/2025\/09\/H8-lista-ordenada-candidatos_2.pdf\" target=\"_blank\" rel=\"noreferrer noopener\">H8 &#8211; Lista Ordenada de Candidatos<\/a><\/div>\n\n\n\n<div class=\"wp-block-file\"><a id=\"wp-block-file--media-1fa129b5-609d-41e9-a00b-3a56b3aff77a\" href=\"https:\/\/www.agrupamentoverticalgaviao.pt\/wp-content\/uploads\/2025\/09\/H8-convocatoria-entrevistas_2.pdf\" target=\"_blank\" rel=\"noreferrer noopener\">H8 &#8211; Convocat\u00f3ria Entrevistas<\/a><\/div>\n\n\n\n<div class=\"wp-block-file\"><a id=\"wp-block-file--media-2fc2ee6b-3746-4cda-a19b-343b2f561164\" href=\"https:\/\/www.agrupamentoverticalgaviao.pt\/wp-content\/uploads\/2025\/09\/H8-lista-final-ordenada-de-candidatos.pdf\" target=\"_blank\" rel=\"noreferrer noopener\">H8 &#8211; Lista Final Ordenada de Candidatos<\/a><\/div>\n\n\n\n<h3 class=\"wp-block-heading\">Hor\u00e1rio 9<\/h3>\n\n\n\n<div class=\"wp-block-file\"><a id=\"wp-block-file--media-5122466f-ef7e-4f53-89ca-df292cc1b0ae\" href=\"https:\/\/www.agrupamentoverticalgaviao.pt\/wp-content\/uploads\/2025\/08\/Aviso-H9-Contratacao-de-Escola-2025-2026_CP-Protecao-Civil-11o-ano.pdf\" target=\"_blank\" rel=\"noreferrer noopener\">H9 &#8211; Contrata\u00e7\u00e3o de Escola-2025\/2026_CP Prote\u00e7\u00e3o Civil -11\u00ba ano<\/a><\/div>\n\n\n\n<div class=\"wp-block-file\"><a id=\"wp-block-file--media-847429cb-50f4-4e64-9a9c-1a2cc1c8ea32\" href=\"https:\/\/www.agrupamentoverticalgaviao.pt\/wp-content\/uploads\/2025\/09\/H9_lista-ordenada-candidatos.pdf\" target=\"_blank\" rel=\"noreferrer noopener\">H9 &#8211; Lista Ordenada de Candidatos<\/a><\/div>\n\n\n\n<div class=\"wp-block-file\"><a id=\"wp-block-file--media-c568788b-babb-40f4-b3e9-f417919eacce\" href=\"https:\/\/www.agrupamentoverticalgaviao.pt\/wp-content\/uploads\/2025\/09\/H9_convocatoria-entrevistas.pdf\" target=\"_blank\" rel=\"noreferrer noopener\">H9 &#8211; Convocat\u00f3ria Entrevistas<\/a><\/div>\n\n\n\n<div class=\"wp-block-file\"><a id=\"wp-block-file--media-96fb8b31-7873-4db8-b992-1f35bf54ade6\" href=\"https:\/\/www.agrupamentoverticalgaviao.pt\/wp-content\/uploads\/2025\/09\/H9-lista-final-ordenada-de-candidatos.pdf\" target=\"_blank\" rel=\"noreferrer noopener\">H9 &#8211; Lista Final Ordenada de Candidatos<\/a><\/div>\n\n\n\n<h3 class=\"wp-block-heading\">Hor\u00e1rio 10<\/h3>\n\n\n\n<div class=\"wp-block-file\"><a id=\"wp-block-file--media-174c30a7-1aa4-4239-b38c-6e1c06353afe\" href=\"https:\/\/www.agrupamentoverticalgaviao.pt\/wp-content\/uploads\/2025\/08\/Aviso-H10-Contratacao-de-Escola-2025-2026_CP-Protecao-Civil-12o-ano.pdf\" target=\"_blank\" rel=\"noreferrer noopener\">H10 &#8211; Contrata\u00e7\u00e3o de Escola 2025\/2026_CP Prote\u00e7\u00e3o Civil -12\u00ba ano<\/a><\/div>\n\n\n\n<div class=\"wp-block-file\"><a id=\"wp-block-file--media-8b871fde-bf02-42cf-a7a3-33eaa5d1ea15\" href=\"https:\/\/www.agrupamentoverticalgaviao.pt\/wp-content\/uploads\/2025\/09\/h10_lista-ordenada-candidatos_2.pdf\" target=\"_blank\" rel=\"noreferrer noopener\">H10 &#8211; Lista Ordenada de Candidatos<\/a><\/div>\n\n\n\n<div class=\"wp-block-file\"><a id=\"wp-block-file--media-afa5f4f5-5217-4ee0-a664-623525ec3681\" href=\"https:\/\/www.agrupamentoverticalgaviao.pt\/wp-content\/uploads\/2025\/09\/H10-convocatoria-entrevistas-2.pdf\" target=\"_blank\" rel=\"noreferrer noopener\">H10 &#8211; Convocat\u00f3ria Entrevistas<\/a><\/div>\n\n\n\n<div class=\"wp-block-file\"><a id=\"wp-block-file--media-5df57e7c-4157-4b0f-a4d1-beb33c8d3adc\" href=\"https:\/\/www.agrupamentoverticalgaviao.pt\/wp-content\/uploads\/2025\/09\/H10-lista-final-ordenada-de-candidatos.pdf\" target=\"_blank\" rel=\"noreferrer noopener\">H10 &#8211; Lista Final Ordenada de Candidatos<\/a><\/div>\n\n\n\n<h3 class=\"wp-block-heading\">Hor\u00e1rio 14<\/h3>\n\n\n\n<div class=\"wp-block-file\"><a id=\"wp-block-file--media-f32de5d9-cf01-4f44-811c-64334fe18090\" href=\"https:\/\/www.agrupamentoverticalgaviao.pt\/wp-content\/uploads\/2025\/09\/Lista-Ordenada-de-Candidatos-GR500_2025-2026.pdf\" target=\"_blank\" rel=\"noreferrer noopener\">H14 &#8211; Lista Ordenada de Candidatos &#8211; GR500<\/a><\/div>\n\n\n\n<h3 class=\"wp-block-heading\">Hor\u00e1rio 16<\/h3>\n\n\n\n<div class=\"wp-block-file\"><a id=\"wp-block-file--media-6a6af7ed-4ff9-4c4a-b167-7e8db885d1ef\" href=\"https:\/\/www.agrupamentoverticalgaviao.pt\/wp-content\/uploads\/2025\/10\/Horario-no-16-Protecao-Civil.pdf\" target=\"_blank\" rel=\"noreferrer noopener\">H16 &#8211; Prote\u00e7\u00e3o Civil<\/a><\/div>\n\n\n\n<div class=\"wp-block-file\"><a id=\"wp-block-file--media-79f553dc-43e5-445a-8521-84e9d9dc2a3d\" href=\"https:\/\/www.agrupamentoverticalgaviao.pt\/wp-content\/uploads\/2025\/10\/P-Civil-11o-ano-Lista-Ordenada-2025-26.pdf\" target=\"_blank\" rel=\"noreferrer noopener\">H16 &#8211; Lista Ordenada de Candidatos<\/a><\/div>\n\n\n\n<div class=\"wp-block-file\"><a id=\"wp-block-file--media-f396f737-d5ee-4a14-a47d-5ca55d2ab49f\" href=\"https:\/\/www.agrupamentoverticalgaviao.pt\/wp-content\/uploads\/2025\/10\/Convocatoria-Entrevista-2025-26-P-civil-11o.pdf\" target=\"_blank\" rel=\"noreferrer noopener\">H16 &#8211; Convocat\u00f3ria Entrevista<\/a><\/div>\n\n\n\n<div class=\"wp-block-file\"><a id=\"wp-block-file--media-3c42453b-9fdf-488f-b3c8-8bf37f071ebf\" href=\"https:\/\/www.agrupamentoverticalgaviao.pt\/wp-content\/uploads\/2025\/10\/H16-Lista-Final-Ordenada-P-Civil-2025-26.pdf\" target=\"_blank\" rel=\"noreferrer noopener\">H16 &#8211; Lista Final Ordenada de Candidatos<\/a><\/div>\n\n\n\n<h3 class=\"wp-block-heading\">Hor\u00e1rio 17<\/h3>\n\n\n\n<div class=\"wp-block-file\"><a id=\"wp-block-file--media-884ab3db-1d9c-42f0-b9e4-453c9fb596c5\" href=\"https:\/\/www.agrupamentoverticalgaviao.pt\/wp-content\/uploads\/2025\/10\/Lista-Ordenada-de-Candidatos-GR520_2025-2026.pdf\" target=\"_blank\" rel=\"noreferrer noopener\">H17 &#8211; Lista Final Ordenada de Candidatos<\/a><\/div>\n\n\n\n<h3 class=\"wp-block-heading\">Hor\u00e1rio 18<\/h3>\n\n\n\n<div class=\"wp-block-file\"><a id=\"wp-block-file--media-d54e3ab6-fcef-4c2f-a6e3-504b6e0c8099\" href=\"https:\/\/www.agrupamentoverticalgaviao.pt\/wp-content\/uploads\/2025\/12\/Lista-Ordenada-de-Candidatos-GR600_2025-2026.pdf\" target=\"_blank\" rel=\"noreferrer noopener\">H18 &#8211; Lista Ordenada de Candidatos &#8211; GR600<\/a><\/div>\n\n\n\n<h3 class=\"wp-block-heading\">Hor\u00e1rio 20<\/h3>\n\n\n\n<div class=\"wp-block-file\"><a id=\"wp-block-file--media-8a749a55-85f0-47c1-b736-20f8f6ac104e\" href=\"https:\/\/www.agrupamentoverticalgaviao.pt\/wp-content\/uploads\/2026\/02\/H20_Lista-Ordenada-de-Candidatos-GR110_2025-2026.pdf\" target=\"_blank\" rel=\"noreferrer noopener\">H20 &#8211; Lista Ordenada de Candidatos GR110 2025\/2026<\/a><\/div>\n\n\n\n<h3 class=\"wp-block-heading\">Hor\u00e1rio 22<\/h3>\n\n\n\n<div class=\"wp-block-file\"><a id=\"wp-block-file--media-36856b58-c9fc-46b9-9a68-9f69bf2fff9e\" href=\"https:\/\/www.agrupamentoverticalgaviao.pt\/wp-content\/uploads\/2026\/03\/H22-Concurso-de-Contratacao-de-Psicologo_2025-2026.pdf\" target=\"_blank\" rel=\"noreferrer noopener\">H22 &#8211; Concurso de Contrata\u00e7\u00e3o de Psic\u00f3logo 2025\/2026<\/a><\/div>\n\n\n\n<div class=\"wp-block-file\"><a id=\"wp-block-file--media-870773b6-af49-4854-aa78-44813bb5f49f\" href=\"https:\/\/www.agrupamentoverticalgaviao.pt\/wp-content\/uploads\/2026\/03\/H22_lista-ordenada-de-candidatos.pdf\" target=\"_blank\" rel=\"noreferrer noopener\">H22 &#8211; Lista Ordenada de Candidatos<\/a><\/div>\n\n\n\n<div class=\"wp-block-file\"><a id=\"wp-block-file--media-ebece2c0-30bf-42ae-8d7d-9d1196e56d76\" href=\"https:\/\/www.agrupamentoverticalgaviao.pt\/wp-content\/uploads\/2026\/03\/H22_convocatoria-para-entrevista.pdf\" target=\"_blank\" rel=\"noreferrer noopener\">H22 &#8211; Convocat\u00f3ria para Entrevista<\/a><\/div>\n\n\n\n<div class=\"wp-block-file\"><a id=\"wp-block-file--media-310aad11-eff6-4a40-b82f-ea2047183f6b\" href=\"https:\/\/www.agrupamentoverticalgaviao.pt\/wp-content\/uploads\/2026\/03\/H22_Lista-final-ordenada-de-candidatos.pdf\" target=\"_blank\" rel=\"noreferrer noopener\">H22 &#8211; Lista Final Ordenada de Candidatos<\/a><\/div>\n\n\n\n<p><\/p>\n","protected":false},"excerpt":{"rendered":"<p>Hor\u00e1rio 2 Hor\u00e1rio 4 Hor\u00e1rio 5 Hor\u00e1rio 6 Hor\u00e1rio 7 Hor\u00e1rio 8 Hor\u00e1rio 9 &hellip; <\/p>\n","protected":false},"author":1,"featured_media":0,"parent":0,"menu_order":0,"comment_status":"closed","ping_status":"closed","template":"","meta":{"footnotes":""},"class_list":["post-811","page","type-page","status-publish","hentry"],"yoast_head":"<!-- This site is optimized with the Yoast SEO plugin v27.5 - https:\/\/yoast.com\/product\/yoast-seo-wordpress\/ -->\n<title>Contrata\u00e7\u00e3o de Escola - Agrupamento de Escolas de Gavi\u00e3o<\/title>\n<meta name=\"robots\" content=\"index, follow, max-snippet:-1, max-image-preview:large, max-video-preview:-1\" \/>\n<link rel=\"canonical\" href=\"https:\/\/www.agrupamentoverticalgaviao.pt\/?page_id=811\" \/>\n<meta property=\"og:locale\" content=\"pt_PT\" \/>\n<meta property=\"og:type\" content=\"article\" \/>\n<meta property=\"og:title\" content=\"Contrata\u00e7\u00e3o de Escola - Agrupamento de Escolas de Gavi\u00e3o\" \/>\n<meta property=\"og:description\" content=\"Hor\u00e1rio 2 Hor\u00e1rio 4 Hor\u00e1rio 5 Hor\u00e1rio 6 Hor\u00e1rio 7 Hor\u00e1rio 8 Hor\u00e1rio 9 &hellip;\" \/>\n<meta property=\"og:url\" content=\"https:\/\/www.agrupamentoverticalgaviao.pt\/?page_id=811\" \/>\n<meta property=\"og:site_name\" content=\"Agrupamento de Escolas de Gavi\u00e3o\" \/>\n<meta property=\"article:modified_time\" content=\"2026-03-30T21:21:50+00:00\" \/>\n<meta property=\"og:image\" content=\"https:\/\/www.agrupamentoverticalgaviao.pt\/wp-content\/uploads\/2025\/11\/Agrupamento-de-Escolas-de-Gaviao.jpg\" \/>\n\t<meta property=\"og:image:width\" content=\"1200\" \/>\n\t<meta property=\"og:image:height\" content=\"675\" \/>\n\t<meta property=\"og:image:type\" content=\"image\/jpeg\" \/>\n<meta name=\"twitter:card\" content=\"summary_large_image\" \/>\n<meta name=\"twitter:label1\" content=\"Tempo estimado de leitura\" \/>\n\t<meta name=\"twitter:data1\" content=\"2 minutos\" \/>\n<script type=\"application\/ld+json\" class=\"yoast-schema-graph\">{\"@context\":\"https:\\\/\\\/schema.org\",\"@graph\":[{\"@type\":\"WebPage\",\"@id\":\"https:\\\/\\\/www.agrupamentoverticalgaviao.pt\\\/?page_id=811\",\"url\":\"https:\\\/\\\/www.agrupamentoverticalgaviao.pt\\\/?page_id=811\",\"name\":\"Contrata\u00e7\u00e3o de Escola - Agrupamento de Escolas de Gavi\u00e3o\",\"isPartOf\":{\"@id\":\"https:\\\/\\\/www.agrupamentoverticalgaviao.pt\\\/#website\"},\"datePublished\":\"2015-09-01T23:45:56+00:00\",\"dateModified\":\"2026-03-30T21:21:50+00:00\",\"breadcrumb\":{\"@id\":\"https:\\\/\\\/www.agrupamentoverticalgaviao.pt\\\/?page_id=811#breadcrumb\"},\"inLanguage\":\"pt-PT\",\"potentialAction\":[{\"@type\":\"ReadAction\",\"target\":[\"https:\\\/\\\/www.agrupamentoverticalgaviao.pt\\\/?page_id=811\"]}]},{\"@type\":\"BreadcrumbList\",\"@id\":\"https:\\\/\\\/www.agrupamentoverticalgaviao.pt\\\/?page_id=811#breadcrumb\",\"itemListElement\":[{\"@type\":\"ListItem\",\"position\":1,\"name\":\"In\u00edcio\",\"item\":\"https:\\\/\\\/www.agrupamentoverticalgaviao.pt\\\/\"},{\"@type\":\"ListItem\",\"position\":2,\"name\":\"Contrata\u00e7\u00e3o de Escola\"}]},{\"@type\":\"WebSite\",\"@id\":\"https:\\\/\\\/www.agrupamentoverticalgaviao.pt\\\/#website\",\"url\":\"https:\\\/\\\/www.agrupamentoverticalgaviao.pt\\\/\",\"name\":\"Agrupamento de Escolas de Gavi\u00e3o\",\"description\":\"\",\"alternateName\":\"Agrupamento de Escolas de Gavi\u00e3o\",\"potentialAction\":[{\"@type\":\"SearchAction\",\"target\":{\"@type\":\"EntryPoint\",\"urlTemplate\":\"https:\\\/\\\/www.agrupamentoverticalgaviao.pt\\\/?s={search_term_string}\"},\"query-input\":{\"@type\":\"PropertyValueSpecification\",\"valueRequired\":true,\"valueName\":\"search_term_string\"}}],\"inLanguage\":\"pt-PT\"}]}<\/script>\n<!-- \/ Yoast SEO plugin. -->","yoast_head_json":{"title":"Contrata\u00e7\u00e3o de Escola - Agrupamento de Escolas de Gavi\u00e3o","robots":{"index":"index","follow":"follow","max-snippet":"max-snippet:-1","max-image-preview":"max-image-preview:large","max-video-preview":"max-video-preview:-1"},"canonical":"https:\/\/www.agrupamentoverticalgaviao.pt\/?page_id=811","og_locale":"pt_PT","og_type":"article","og_title":"Contrata\u00e7\u00e3o de Escola - Agrupamento de Escolas de Gavi\u00e3o","og_description":"Hor\u00e1rio 2 Hor\u00e1rio 4 Hor\u00e1rio 5 Hor\u00e1rio 6 Hor\u00e1rio 7 Hor\u00e1rio 8 Hor\u00e1rio 9 &hellip;","og_url":"https:\/\/www.agrupamentoverticalgaviao.pt\/?page_id=811","og_site_name":"Agrupamento de Escolas de Gavi\u00e3o","article_modified_time":"2026-03-30T21:21:50+00:00","og_image":[{"width":1200,"height":675,"url":"https:\/\/www.agrupamentoverticalgaviao.pt\/wp-content\/uploads\/2025\/11\/Agrupamento-de-Escolas-de-Gaviao.jpg","type":"image\/jpeg"}],"twitter_card":"summary_large_image","twitter_misc":{"Tempo estimado de leitura":"2 minutos"},"schema":{"@context":"https:\/\/schema.org","@graph":[{"@type":"WebPage","@id":"https:\/\/www.agrupamentoverticalgaviao.pt\/?page_id=811","url":"https:\/\/www.agrupamentoverticalgaviao.pt\/?page_id=811","name":"Contrata\u00e7\u00e3o de Escola - Agrupamento de Escolas de Gavi\u00e3o","isPartOf":{"@id":"https:\/\/www.agrupamentoverticalgaviao.pt\/#website"},"datePublished":"2015-09-01T23:45:56+00:00","dateModified":"2026-03-30T21:21:50+00:00","breadcrumb":{"@id":"https:\/\/www.agrupamentoverticalgaviao.pt\/?page_id=811#breadcrumb"},"inLanguage":"pt-PT","potentialAction":[{"@type":"ReadAction","target":["https:\/\/www.agrupamentoverticalgaviao.pt\/?page_id=811"]}]},{"@type":"BreadcrumbList","@id":"https:\/\/www.agrupamentoverticalgaviao.pt\/?page_id=811#breadcrumb","itemListElement":[{"@type":"ListItem","position":1,"name":"In\u00edcio","item":"https:\/\/www.agrupamentoverticalgaviao.pt\/"},{"@type":"ListItem","position":2,"name":"Contrata\u00e7\u00e3o de Escola"}]},{"@type":"WebSite","@id":"https:\/\/www.agrupamentoverticalgaviao.pt\/#website","url":"https:\/\/www.agrupamentoverticalgaviao.pt\/","name":"Agrupamento de Escolas de Gavi\u00e3o","description":"","alternateName":"Agrupamento de Escolas de Gavi\u00e3o","potentialAction":[{"@type":"SearchAction","target":{"@type":"EntryPoint","urlTemplate":"https:\/\/www.agrupamentoverticalgaviao.pt\/?s={search_term_string}"},"query-input":{"@type":"PropertyValueSpecification","valueRequired":true,"valueName":"search_term_string"}}],"inLanguage":"pt-PT"}]}},"_links":{"self":[{"href":"https:\/\/www.agrupamentoverticalgaviao.pt\/index.php?rest_route=\/wp\/v2\/pages\/811","targetHints":{"allow":["GET"]}}],"collection":[{"href":"https:\/\/www.agrupamentoverticalgaviao.pt\/index.php?rest_route=\/wp\/v2\/pages"}],"about":[{"href":"https:\/\/www.agrupamentoverticalgaviao.pt\/index.php?rest_route=\/wp\/v2\/types\/page"}],"author":[{"embeddable":true,"href":"https:\/\/www.agrupamentoverticalgaviao.pt\/index.php?rest_route=\/wp\/v2\/users\/1"}],"replies":[{"embeddable":true,"href":"https:\/\/www.agrupamentoverticalgaviao.pt\/index.php?rest_route=%2Fwp%2Fv2%2Fcomments&post=811"}],"version-history":[{"count":96,"href":"https:\/\/www.agrupamentoverticalgaviao.pt\/index.php?rest_route=\/wp\/v2\/pages\/811\/revisions"}],"predecessor-version":[{"id":48074,"href":"https:\/\/www.agrupamentoverticalgaviao.pt\/index.php?rest_route=\/wp\/v2\/pages\/811\/revisions\/48074"}],"wp:attachment":[{"href":"https:\/\/www.agrupamentoverticalgaviao.pt\/index.php?rest_route=%2Fwp%2Fv2%2Fmedia&parent=811"}],"curies":[{"name":"wp","href":"https:\/\/api.w.org\/{rel}","templated":true}]}}