{"id":290,"date":"2013-11-06T17:43:02","date_gmt":"2013-11-06T17:43:02","guid":{"rendered":"http:\/\/www3.agrupamentoverticalgaviao.pt\/pt\/?page_id=290"},"modified":"2026-03-21T16:09:03","modified_gmt":"2026-03-21T16:09:03","slug":"composicao-departamentos-curriculares","status":"publish","type":"page","link":"https:\/\/www.agrupamentoverticalgaviao.pt\/?page_id=290","title":{"rendered":"Composi\u00e7\u00e3o Departamentos Curriculares"},"content":{"rendered":"\n<h2 class=\"wp-block-heading\">EDUCA\u00c7\u00c3O DE INF\u00c2NCIA E 1\u00ba CICLO DO ENSINO B\u00c1SICO<\/h2>\n\n\n\n<ul class=\"wp-block-list\">\n<li>Carla Alexandra R. Batista Ribeiro <strong>(Coordenadora)<\/strong><\/li>\n\n\n\n<li>Rita Susana Morgado dos Santos<\/li>\n\n\n\n<li>Alzira Trindade Pires Evaristo<\/li>\n\n\n\n<li>Ana Elisabete da Costa Veloso<\/li>\n\n\n\n<li>Ana Paula de Almeida Guerreiro Pio<\/li>\n\n\n\n<li>Bruna Filipa Lobato Cl\u00e9rigo<\/li>\n\n\n\n<li>Lu\u00edsa da Concei\u00e7\u00e3o Morais Caeiro\u00a0<\/li>\n\n\n\n<li>Maria Adriana Costa Dias Martins<\/li>\n\n\n\n<li>Maria Am\u00e9lia Martins de Jesus<\/li>\n\n\n\n<li>Paula Alexandre Gon\u00e7alves Mendes<\/li>\n\n\n\n<li>Paula Cristina Carvalho Silva<\/li>\n\n\n\n<li>Paula Cristina Duarte Pessoa<\/li>\n<\/ul>\n\n\n\n<h2 class=\"wp-block-heading\">L\u00cdNGUAS E CI\u00caNCIAS SOCIAIS E HUMANAS<\/h2>\n\n\n\n<ul class=\"wp-block-list\">\n<li>S\u00edlvia Alexandra Lopes Serrano <strong>(Coordenadora)<\/strong><\/li>\n\n\n\n<li>Ana Maria M. M. Louren\u00e7o dos Santos<\/li>\n\n\n\n<li>Andr\u00e9 Carqueij\u00f3 de Abreu<\/li>\n\n\n\n<li>Andreia Alexandra Marques Carri\u00e7o<\/li>\n\n\n\n<li>Carla Sofia Fel\u00edcio dos Santos Pedro<\/li>\n\n\n\n<li>Cl\u00e1udia Sofia Marques Cordeiro<\/li>\n\n\n\n<li>Cristina Isabel Morais E. Apolin\u00e1rio<\/li>\n\n\n\n<li>Dina Maria Nunes Faustino<\/li>\n\n\n\n<li>Fernanda Maria Estrela Flores Pereira<\/li>\n\n\n\n<li>Laureano Dur\u00e3o Heitor<\/li>\n\n\n\n<li>Maria da Gra\u00e7a Rosado T. Arag\u00e3o<\/li>\n\n\n\n<li>Maria de Jesus Henriques Bairr\u00e3o <\/li>\n\n\n\n<li>Daniela Canha<\/li>\n<\/ul>\n\n\n\n<h2 class=\"wp-block-heading\">MATEM\u00c1TICA E CI\u00caNCIAS EXPERIMENTAIS<\/h2>\n\n\n\n<ul class=\"wp-block-list\">\n<li>Alexandra Isabel Morais de Caniceira <strong>(Coordenadora)<\/strong><\/li>\n\n\n\n<li>Anabela Fernanda Ponte dos Reis<\/li>\n\n\n\n<li>Daniela Filipa Sousa Canha<\/li>\n\n\n\n<li>Fernanda Manuela R. Fernandes Ribeiro<\/li>\n\n\n\n<li>Maria da Concei\u00e7\u00e3o Lopes Rodrigues<\/li>\n\n\n\n<li>Maria Manuela da Gra\u00e7a S. C. Louro<\/li>\n\n\n\n<li>Paulo Alexandre Ribeiro Jorge<\/li>\n\n\n\n<li>Olga Maria Esteves Pires de Almeida<\/li>\n\n\n\n<li>C\u00e9lia Figueiredo <\/li>\n\n\n\n<li>Sara Batista<\/li>\n<\/ul>\n\n\n\n<h2 class=\"wp-block-heading\">EXPRESS\u00d5ES<\/h2>\n\n\n\n<ul class=\"wp-block-list\">\n<li>Joaquim Maria Salgueiro Samarra <strong>(Coordenador)<\/strong><\/li>\n\n\n\n<li>C\u00e9lia Maria do Ros\u00e1rio Martins<\/li>\n\n\n\n<li>Cristina Maria Cabrito Diogo Mingacho<\/li>\n\n\n\n<li>Fedra Sofia Ferreira Ribeiro<\/li>\n\n\n\n<li>Filomena Lu\u00edsa Areias Marques Costa<\/li>\n\n\n\n<li>Joana Alpalh\u00e3o Dias de Matos<\/li>\n\n\n\n<li>Maria Madalena Dias<\/li>\n\n\n\n<li>Maria Manuela Bagulho Oliveira Carrilho<\/li>\n\n\n\n<li>Nuno Miguel Parreiral dos Santos Couceiro<\/li>\n\n\n\n<li>Paulo Manuel Alfaiate Pires<\/li>\n\n\n\n<li>Sandra M. Rodrigues Gon\u00e7alves<\/li>\n\n\n\n<li>Samuel Rodrigues Vicente<\/li>\n\n\n\n<li>Sara Tib\u00farcio<\/li>\n\n\n\n<li>Virg\u00ednia Maria Fernandes Pinto de Matos <\/li>\n\n\n\n<li>Sofia Raquel Chiu Le\u00e3o<\/li>\n<\/ul>\n\n\n\n<p><\/p>\n","protected":false},"excerpt":{"rendered":"<p>EDUCA\u00c7\u00c3O DE INF\u00c2NCIA E 1\u00ba CICLO DO ENSINO B\u00c1SICO L\u00cdNGUAS E CI\u00caNCIAS SOCIAIS E &hellip; <\/p>\n","protected":false},"author":1,"featured_media":0,"parent":0,"menu_order":0,"comment_status":"closed","ping_status":"closed","template":"","meta":{"footnotes":""},"class_list":["post-290","page","type-page","status-publish","hentry"],"yoast_head":"<!-- This site is optimized with the Yoast SEO plugin v27.5 - https:\/\/yoast.com\/product\/yoast-seo-wordpress\/ -->\n<title>Composi\u00e7\u00e3o Departamentos Curriculares - Agrupamento de Escolas de Gavi\u00e3o<\/title>\n<meta name=\"robots\" content=\"index, follow, max-snippet:-1, max-image-preview:large, max-video-preview:-1\" \/>\n<link rel=\"canonical\" href=\"https:\/\/www.agrupamentoverticalgaviao.pt\/?page_id=290\" \/>\n<meta property=\"og:locale\" content=\"pt_PT\" \/>\n<meta property=\"og:type\" content=\"article\" \/>\n<meta property=\"og:title\" content=\"Composi\u00e7\u00e3o Departamentos Curriculares - Agrupamento de Escolas de Gavi\u00e3o\" \/>\n<meta property=\"og:description\" content=\"EDUCA\u00c7\u00c3O DE INF\u00c2NCIA E 1\u00ba CICLO DO ENSINO B\u00c1SICO L\u00cdNGUAS E CI\u00caNCIAS SOCIAIS E &hellip;\" \/>\n<meta property=\"og:url\" content=\"https:\/\/www.agrupamentoverticalgaviao.pt\/?page_id=290\" \/>\n<meta property=\"og:site_name\" content=\"Agrupamento de Escolas de Gavi\u00e3o\" \/>\n<meta property=\"article:modified_time\" content=\"2026-03-21T16:09:03+00:00\" \/>\n<meta property=\"og:image\" content=\"https:\/\/www.agrupamentoverticalgaviao.pt\/wp-content\/uploads\/2025\/11\/Agrupamento-de-Escolas-de-Gaviao.jpg\" \/>\n\t<meta property=\"og:image:width\" content=\"1200\" \/>\n\t<meta property=\"og:image:height\" content=\"675\" \/>\n\t<meta property=\"og:image:type\" content=\"image\/jpeg\" \/>\n<meta name=\"twitter:card\" content=\"summary_large_image\" \/>\n<meta name=\"twitter:label1\" content=\"Tempo estimado de leitura\" \/>\n\t<meta name=\"twitter:data1\" content=\"2 minutos\" \/>\n<script type=\"application\/ld+json\" class=\"yoast-schema-graph\">{\"@context\":\"https:\\\/\\\/schema.org\",\"@graph\":[{\"@type\":\"WebPage\",\"@id\":\"https:\\\/\\\/www.agrupamentoverticalgaviao.pt\\\/?page_id=290\",\"url\":\"https:\\\/\\\/www.agrupamentoverticalgaviao.pt\\\/?page_id=290\",\"name\":\"Composi\u00e7\u00e3o Departamentos Curriculares - Agrupamento de Escolas de Gavi\u00e3o\",\"isPartOf\":{\"@id\":\"https:\\\/\\\/www.agrupamentoverticalgaviao.pt\\\/#website\"},\"datePublished\":\"2013-11-06T17:43:02+00:00\",\"dateModified\":\"2026-03-21T16:09:03+00:00\",\"breadcrumb\":{\"@id\":\"https:\\\/\\\/www.agrupamentoverticalgaviao.pt\\\/?page_id=290#breadcrumb\"},\"inLanguage\":\"pt-PT\",\"potentialAction\":[{\"@type\":\"ReadAction\",\"target\":[\"https:\\\/\\\/www.agrupamentoverticalgaviao.pt\\\/?page_id=290\"]}]},{\"@type\":\"BreadcrumbList\",\"@id\":\"https:\\\/\\\/www.agrupamentoverticalgaviao.pt\\\/?page_id=290#breadcrumb\",\"itemListElement\":[{\"@type\":\"ListItem\",\"position\":1,\"name\":\"In\u00edcio\",\"item\":\"https:\\\/\\\/www.agrupamentoverticalgaviao.pt\\\/\"},{\"@type\":\"ListItem\",\"position\":2,\"name\":\"Composi\u00e7\u00e3o Departamentos Curriculares\"}]},{\"@type\":\"WebSite\",\"@id\":\"https:\\\/\\\/www.agrupamentoverticalgaviao.pt\\\/#website\",\"url\":\"https:\\\/\\\/www.agrupamentoverticalgaviao.pt\\\/\",\"name\":\"Agrupamento de Escolas de Gavi\u00e3o\",\"description\":\"\",\"alternateName\":\"Agrupamento de Escolas de Gavi\u00e3o\",\"potentialAction\":[{\"@type\":\"SearchAction\",\"target\":{\"@type\":\"EntryPoint\",\"urlTemplate\":\"https:\\\/\\\/www.agrupamentoverticalgaviao.pt\\\/?s={search_term_string}\"},\"query-input\":{\"@type\":\"PropertyValueSpecification\",\"valueRequired\":true,\"valueName\":\"search_term_string\"}}],\"inLanguage\":\"pt-PT\"}]}<\/script>\n<!-- \/ Yoast SEO plugin. -->","yoast_head_json":{"title":"Composi\u00e7\u00e3o Departamentos Curriculares - Agrupamento de Escolas de Gavi\u00e3o","robots":{"index":"index","follow":"follow","max-snippet":"max-snippet:-1","max-image-preview":"max-image-preview:large","max-video-preview":"max-video-preview:-1"},"canonical":"https:\/\/www.agrupamentoverticalgaviao.pt\/?page_id=290","og_locale":"pt_PT","og_type":"article","og_title":"Composi\u00e7\u00e3o Departamentos Curriculares - Agrupamento de Escolas de Gavi\u00e3o","og_description":"EDUCA\u00c7\u00c3O DE INF\u00c2NCIA E 1\u00ba CICLO DO ENSINO B\u00c1SICO L\u00cdNGUAS E CI\u00caNCIAS SOCIAIS E &hellip;","og_url":"https:\/\/www.agrupamentoverticalgaviao.pt\/?page_id=290","og_site_name":"Agrupamento de Escolas de Gavi\u00e3o","article_modified_time":"2026-03-21T16:09:03+00:00","og_image":[{"width":1200,"height":675,"url":"https:\/\/www.agrupamentoverticalgaviao.pt\/wp-content\/uploads\/2025\/11\/Agrupamento-de-Escolas-de-Gaviao.jpg","type":"image\/jpeg"}],"twitter_card":"summary_large_image","twitter_misc":{"Tempo estimado de leitura":"2 minutos"},"schema":{"@context":"https:\/\/schema.org","@graph":[{"@type":"WebPage","@id":"https:\/\/www.agrupamentoverticalgaviao.pt\/?page_id=290","url":"https:\/\/www.agrupamentoverticalgaviao.pt\/?page_id=290","name":"Composi\u00e7\u00e3o Departamentos Curriculares - Agrupamento de Escolas de Gavi\u00e3o","isPartOf":{"@id":"https:\/\/www.agrupamentoverticalgaviao.pt\/#website"},"datePublished":"2013-11-06T17:43:02+00:00","dateModified":"2026-03-21T16:09:03+00:00","breadcrumb":{"@id":"https:\/\/www.agrupamentoverticalgaviao.pt\/?page_id=290#breadcrumb"},"inLanguage":"pt-PT","potentialAction":[{"@type":"ReadAction","target":["https:\/\/www.agrupamentoverticalgaviao.pt\/?page_id=290"]}]},{"@type":"BreadcrumbList","@id":"https:\/\/www.agrupamentoverticalgaviao.pt\/?page_id=290#breadcrumb","itemListElement":[{"@type":"ListItem","position":1,"name":"In\u00edcio","item":"https:\/\/www.agrupamentoverticalgaviao.pt\/"},{"@type":"ListItem","position":2,"name":"Composi\u00e7\u00e3o Departamentos Curriculares"}]},{"@type":"WebSite","@id":"https:\/\/www.agrupamentoverticalgaviao.pt\/#website","url":"https:\/\/www.agrupamentoverticalgaviao.pt\/","name":"Agrupamento de Escolas de Gavi\u00e3o","description":"","alternateName":"Agrupamento de Escolas de Gavi\u00e3o","potentialAction":[{"@type":"SearchAction","target":{"@type":"EntryPoint","urlTemplate":"https:\/\/www.agrupamentoverticalgaviao.pt\/?s={search_term_string}"},"query-input":{"@type":"PropertyValueSpecification","valueRequired":true,"valueName":"search_term_string"}}],"inLanguage":"pt-PT"}]}},"_links":{"self":[{"href":"https:\/\/www.agrupamentoverticalgaviao.pt\/index.php?rest_route=\/wp\/v2\/pages\/290","targetHints":{"allow":["GET"]}}],"collection":[{"href":"https:\/\/www.agrupamentoverticalgaviao.pt\/index.php?rest_route=\/wp\/v2\/pages"}],"about":[{"href":"https:\/\/www.agrupamentoverticalgaviao.pt\/index.php?rest_route=\/wp\/v2\/types\/page"}],"author":[{"embeddable":true,"href":"https:\/\/www.agrupamentoverticalgaviao.pt\/index.php?rest_route=\/wp\/v2\/users\/1"}],"replies":[{"embeddable":true,"href":"https:\/\/www.agrupamentoverticalgaviao.pt\/index.php?rest_route=%2Fwp%2Fv2%2Fcomments&post=290"}],"version-history":[{"count":14,"href":"https:\/\/www.agrupamentoverticalgaviao.pt\/index.php?rest_route=\/wp\/v2\/pages\/290\/revisions"}],"predecessor-version":[{"id":47927,"href":"https:\/\/www.agrupamentoverticalgaviao.pt\/index.php?rest_route=\/wp\/v2\/pages\/290\/revisions\/47927"}],"wp:attachment":[{"href":"https:\/\/www.agrupamentoverticalgaviao.pt\/index.php?rest_route=%2Fwp%2Fv2%2Fmedia&parent=290"}],"curies":[{"name":"wp","href":"https:\/\/api.w.org\/{rel}","templated":true}]}}