{"id":1536,"date":"2013-12-16T16:27:50","date_gmt":"2013-12-16T16:27:50","guid":{"rendered":"http:\/\/www.agrupamentoverticalgaviao.pt\/pt\/?page_id=1536"},"modified":"2025-10-02T21:30:45","modified_gmt":"2025-10-02T21:30:45","slug":"representantes-dos-encarregados-de-educacao","status":"publish","type":"page","link":"https:\/\/www.agrupamentoverticalgaviao.pt\/?page_id=1536","title":{"rendered":"Representantes dos Encarregados de Educa\u00e7\u00e3o"},"content":{"rendered":"\n<h3 class=\"wp-block-heading\"><strong>Ano letivo 2024\/2025<\/strong><\/h3>\n\n\n\n<figure class=\"wp-block-table\"><table class=\"has-fixed-layout\"><tbody><tr><td><strong>Ano de Escolaridade<\/strong><\/td><td class=\"has-text-align-right\" data-align=\"right\"><strong>1\u00ba Representante<\/strong><\/td><td class=\"has-text-align-right\" data-align=\"right\"><strong>2\u00ba Representante<\/strong><\/td><td class=\"has-text-align-right\" data-align=\"right\"><strong>Suplente<\/strong><\/td><\/tr><tr><td><strong>Pr\u00e9-Escolar de Comenda<\/strong><\/td><td class=\"has-text-align-right\" data-align=\"right\">Soraia Pereira<\/td><td class=\"has-text-align-right\" data-align=\"right\">Carina Dias<\/td><td class=\"has-text-align-right\" data-align=\"right\">Patr\u00edcia Mendes<\/td><\/tr><tr><td><strong>Pr\u00e9-Escolar de Gavi\u00e3o -sala 1<\/strong><\/td><td class=\"has-text-align-right\" data-align=\"right\">Sara Tib\u00farcio<\/td><td class=\"has-text-align-right\" data-align=\"right\">Filipa Paix\u00e3o<\/td><td class=\"has-text-align-right\" data-align=\"right\">Lu\u00eds Matos<\/td><\/tr><tr><td><strong>Pr\u00e9-Escolar de Gavi\u00e3o -sala 2<\/strong><\/td><td class=\"has-text-align-right\" data-align=\"right\">Marisa Gon\u00e7alves<\/td><td class=\"has-text-align-right\" data-align=\"right\">Daniela Soares<\/td><td class=\"has-text-align-right\" data-align=\"right\">Joana Estrela<\/td><\/tr><tr><td><strong>EB 1 de Comenda<\/strong><\/td><td class=\"has-text-align-right\" data-align=\"right\">Andreia Ascens\u00e3o<\/td><td class=\"has-text-align-right\" data-align=\"right\">C\u00e1tia Paulino<\/td><td class=\"has-text-align-right\" data-align=\"right\">Vanessa Marques<\/td><\/tr><tr><td><strong>1\u00ba Ano \u2013 Gavi\u00e3o<\/strong><\/td><td class=\"has-text-align-right\" data-align=\"right\">Eva Churro<\/td><td class=\"has-text-align-right\" data-align=\"right\">Marta Faca<\/td><td class=\"has-text-align-right\" data-align=\"right\">Ana Heitor<\/td><\/tr><tr><td><strong>2\u00ba Ano \u2013 Gavi\u00e3o<\/strong><\/td><td class=\"has-text-align-right\" data-align=\"right\">Vera Carranca<\/td><td class=\"has-text-align-right\" data-align=\"right\">Joana Pio<\/td><td class=\"has-text-align-right\" data-align=\"right\">V\u00edtor Filipe<\/td><\/tr><tr><td><strong>3\u00ba Ano \u2013 Gavi\u00e3o<\/strong><\/td><td class=\"has-text-align-right\" data-align=\"right\">Cl\u00e1udia Pires<\/td><td class=\"has-text-align-right\" data-align=\"right\">S\u00edlvia Bernardo<\/td><td class=\"has-text-align-right\" data-align=\"right\">In\u00eas Neves<\/td><\/tr><tr><td><strong>4\u00ba Ano \u2013 Gavi\u00e3o<\/strong><\/td><td class=\"has-text-align-right\" data-align=\"right\">Sara Martinho<\/td><td class=\"has-text-align-right\" data-align=\"right\">Ana Heitor<\/td><td class=\"has-text-align-right\" data-align=\"right\">Ana Rita Marques<\/td><\/tr><tr><td><strong>5\u00ba A<\/strong><\/td><td class=\"has-text-align-right\" data-align=\"right\">Cl\u00e1udia S. Facundo<\/td><td class=\"has-text-align-right\" data-align=\"right\">Olga Guerreiro<\/td><td class=\"has-text-align-right\" data-align=\"right\">Susana Raimundo<\/td><\/tr><tr><td><strong>6\u00ba A<\/strong><\/td><td class=\"has-text-align-right\" data-align=\"right\">Sandra Infante<\/td><td class=\"has-text-align-right\" data-align=\"right\">C\u00e1tia Gaspar<\/td><td class=\"has-text-align-right\" data-align=\"right\">Marina Alexandre<\/td><\/tr><tr><td><strong>6\u00ba B<\/strong><\/td><td class=\"has-text-align-right\" data-align=\"right\">C\u00e1tia Paulino<\/td><td class=\"has-text-align-right\" data-align=\"right\">Marisa Ferreira<\/td><td class=\"has-text-align-right\" data-align=\"right\">Raquel Rose<\/td><\/tr><tr><td><strong>7\u00ba A<\/strong><\/td><td class=\"has-text-align-right\" data-align=\"right\">Isaura Vicente<\/td><td class=\"has-text-align-right\" data-align=\"right\">Rute Inoc\u00eancio<\/td><td class=\"has-text-align-right\" data-align=\"right\">Maria Gra\u00e7a Ant\u00f3nio<\/td><\/tr><tr><td><strong>7\u00baB<\/strong><\/td><td class=\"has-text-align-right\" data-align=\"right\">S\u00f3nia Carrilho<\/td><td class=\"has-text-align-right\" data-align=\"right\">Vera Carranca<\/td><td class=\"has-text-align-right\" data-align=\"right\">Ricardo Chambel<\/td><\/tr><tr><td><strong>8\u00ba A<\/strong><\/td><td class=\"has-text-align-right\" data-align=\"right\">Sandra Grilo<\/td><td class=\"has-text-align-right\" data-align=\"right\">M\u00e1rcia Fernandes<\/td><td class=\"has-text-align-right\" data-align=\"right\">Lina Marques<\/td><\/tr><tr><td><strong>8\u00ba B<\/strong><\/td><td class=\"has-text-align-right\" data-align=\"right\">Vera Carranca<\/td><td class=\"has-text-align-right\" data-align=\"right\">Sofia Amorim<\/td><td class=\"has-text-align-right\" data-align=\"right\">Marta Delgado<\/td><\/tr><tr><td><strong>9\u00ba A<\/strong><\/td><td class=\"has-text-align-right\" data-align=\"right\">Ana Rita Marques<\/td><td class=\"has-text-align-right\" data-align=\"right\">Fernanda Catarino<\/td><td class=\"has-text-align-right\" data-align=\"right\">Carina Gomes<\/td><\/tr><tr><td><strong>9\u00ba B<\/strong><\/td><td class=\"has-text-align-right\" data-align=\"right\">Maria Cristina Calado<\/td><td class=\"has-text-align-right\" data-align=\"right\">Sandra Marques<\/td><td class=\"has-text-align-right\" data-align=\"right\">Carla Lopes<\/td><\/tr><tr><td><strong>10\u00ba Ano<\/strong><\/td><td class=\"has-text-align-right\" data-align=\"right\">Manuela Louren\u00e7o<\/td><td class=\"has-text-align-right\" data-align=\"right\">Ana Isabel Sousa<\/td><td class=\"has-text-align-right\" data-align=\"right\">Vera Lente<\/td><\/tr><tr><td><strong>11\u00ba Ano<\/strong><\/td><td class=\"has-text-align-right\" data-align=\"right\">Carla Martins<\/td><td class=\"has-text-align-right\" data-align=\"right\">In\u00eas Bento<\/td><td class=\"has-text-align-right\" data-align=\"right\">M\u00e1rcia Paulo<\/td><\/tr><tr><td><strong>12\u00ba Ano<\/strong><\/td><td class=\"has-text-align-right\" data-align=\"right\">Liliana Santos<\/td><td class=\"has-text-align-right\" data-align=\"right\">C\u00e1tia Am\u00eandoa<\/td><td class=\"has-text-align-right\" data-align=\"right\">F\u00e1tima Galiau<\/td><\/tr><\/tbody><\/table><\/figure>\n","protected":false},"excerpt":{"rendered":"<p>Ano letivo 2024\/2025 Ano de Escolaridade 1\u00ba Representante 2\u00ba Representante Suplente Pr\u00e9-Escolar de Comenda &hellip; <\/p>\n","protected":false},"author":1,"featured_media":0,"parent":0,"menu_order":0,"comment_status":"closed","ping_status":"closed","template":"","meta":{"footnotes":""},"class_list":["post-1536","page","type-page","status-publish","hentry"],"yoast_head":"<!-- This site is optimized with the Yoast SEO plugin v27.5 - https:\/\/yoast.com\/product\/yoast-seo-wordpress\/ -->\n<title>Representantes dos Encarregados de Educa\u00e7\u00e3o - Agrupamento de Escolas de Gavi\u00e3o<\/title>\n<meta name=\"robots\" content=\"index, follow, max-snippet:-1, max-image-preview:large, max-video-preview:-1\" \/>\n<link rel=\"canonical\" href=\"https:\/\/www.agrupamentoverticalgaviao.pt\/?page_id=1536\" \/>\n<meta property=\"og:locale\" content=\"pt_PT\" \/>\n<meta property=\"og:type\" content=\"article\" \/>\n<meta property=\"og:title\" content=\"Representantes dos Encarregados de Educa\u00e7\u00e3o - Agrupamento de Escolas de Gavi\u00e3o\" \/>\n<meta property=\"og:description\" content=\"Ano letivo 2024\/2025 Ano de Escolaridade 1\u00ba Representante 2\u00ba Representante Suplente Pr\u00e9-Escolar de Comenda &hellip;\" \/>\n<meta property=\"og:url\" content=\"https:\/\/www.agrupamentoverticalgaviao.pt\/?page_id=1536\" \/>\n<meta property=\"og:site_name\" content=\"Agrupamento de Escolas de Gavi\u00e3o\" \/>\n<meta property=\"article:modified_time\" content=\"2025-10-02T21:30:45+00:00\" \/>\n<meta property=\"og:image\" content=\"https:\/\/www.agrupamentoverticalgaviao.pt\/wp-content\/uploads\/2025\/11\/Agrupamento-de-Escolas-de-Gaviao.jpg\" \/>\n\t<meta property=\"og:image:width\" content=\"1200\" \/>\n\t<meta property=\"og:image:height\" content=\"675\" \/>\n\t<meta property=\"og:image:type\" content=\"image\/jpeg\" \/>\n<meta name=\"twitter:card\" content=\"summary_large_image\" \/>\n<meta name=\"twitter:label1\" content=\"Tempo estimado de leitura\" \/>\n\t<meta name=\"twitter:data1\" content=\"2 minutos\" \/>\n<script type=\"application\/ld+json\" class=\"yoast-schema-graph\">{\"@context\":\"https:\\\/\\\/schema.org\",\"@graph\":[{\"@type\":\"WebPage\",\"@id\":\"https:\\\/\\\/www.agrupamentoverticalgaviao.pt\\\/?page_id=1536\",\"url\":\"https:\\\/\\\/www.agrupamentoverticalgaviao.pt\\\/?page_id=1536\",\"name\":\"Representantes dos Encarregados de Educa\u00e7\u00e3o - Agrupamento de Escolas de Gavi\u00e3o\",\"isPartOf\":{\"@id\":\"https:\\\/\\\/www.agrupamentoverticalgaviao.pt\\\/#website\"},\"datePublished\":\"2013-12-16T16:27:50+00:00\",\"dateModified\":\"2025-10-02T21:30:45+00:00\",\"breadcrumb\":{\"@id\":\"https:\\\/\\\/www.agrupamentoverticalgaviao.pt\\\/?page_id=1536#breadcrumb\"},\"inLanguage\":\"pt-PT\",\"potentialAction\":[{\"@type\":\"ReadAction\",\"target\":[\"https:\\\/\\\/www.agrupamentoverticalgaviao.pt\\\/?page_id=1536\"]}]},{\"@type\":\"BreadcrumbList\",\"@id\":\"https:\\\/\\\/www.agrupamentoverticalgaviao.pt\\\/?page_id=1536#breadcrumb\",\"itemListElement\":[{\"@type\":\"ListItem\",\"position\":1,\"name\":\"In\u00edcio\",\"item\":\"https:\\\/\\\/www.agrupamentoverticalgaviao.pt\\\/\"},{\"@type\":\"ListItem\",\"position\":2,\"name\":\"Representantes dos Encarregados de Educa\u00e7\u00e3o\"}]},{\"@type\":\"WebSite\",\"@id\":\"https:\\\/\\\/www.agrupamentoverticalgaviao.pt\\\/#website\",\"url\":\"https:\\\/\\\/www.agrupamentoverticalgaviao.pt\\\/\",\"name\":\"Agrupamento de Escolas de Gavi\u00e3o\",\"description\":\"\",\"alternateName\":\"Agrupamento de Escolas de Gavi\u00e3o\",\"potentialAction\":[{\"@type\":\"SearchAction\",\"target\":{\"@type\":\"EntryPoint\",\"urlTemplate\":\"https:\\\/\\\/www.agrupamentoverticalgaviao.pt\\\/?s={search_term_string}\"},\"query-input\":{\"@type\":\"PropertyValueSpecification\",\"valueRequired\":true,\"valueName\":\"search_term_string\"}}],\"inLanguage\":\"pt-PT\"}]}<\/script>\n<!-- \/ Yoast SEO plugin. -->","yoast_head_json":{"title":"Representantes dos Encarregados de Educa\u00e7\u00e3o - Agrupamento de Escolas de Gavi\u00e3o","robots":{"index":"index","follow":"follow","max-snippet":"max-snippet:-1","max-image-preview":"max-image-preview:large","max-video-preview":"max-video-preview:-1"},"canonical":"https:\/\/www.agrupamentoverticalgaviao.pt\/?page_id=1536","og_locale":"pt_PT","og_type":"article","og_title":"Representantes dos Encarregados de Educa\u00e7\u00e3o - Agrupamento de Escolas de Gavi\u00e3o","og_description":"Ano letivo 2024\/2025 Ano de Escolaridade 1\u00ba Representante 2\u00ba Representante Suplente Pr\u00e9-Escolar de Comenda &hellip;","og_url":"https:\/\/www.agrupamentoverticalgaviao.pt\/?page_id=1536","og_site_name":"Agrupamento de Escolas de Gavi\u00e3o","article_modified_time":"2025-10-02T21:30:45+00:00","og_image":[{"width":1200,"height":675,"url":"https:\/\/www.agrupamentoverticalgaviao.pt\/wp-content\/uploads\/2025\/11\/Agrupamento-de-Escolas-de-Gaviao.jpg","type":"image\/jpeg"}],"twitter_card":"summary_large_image","twitter_misc":{"Tempo estimado de leitura":"2 minutos"},"schema":{"@context":"https:\/\/schema.org","@graph":[{"@type":"WebPage","@id":"https:\/\/www.agrupamentoverticalgaviao.pt\/?page_id=1536","url":"https:\/\/www.agrupamentoverticalgaviao.pt\/?page_id=1536","name":"Representantes dos Encarregados de Educa\u00e7\u00e3o - Agrupamento de Escolas de Gavi\u00e3o","isPartOf":{"@id":"https:\/\/www.agrupamentoverticalgaviao.pt\/#website"},"datePublished":"2013-12-16T16:27:50+00:00","dateModified":"2025-10-02T21:30:45+00:00","breadcrumb":{"@id":"https:\/\/www.agrupamentoverticalgaviao.pt\/?page_id=1536#breadcrumb"},"inLanguage":"pt-PT","potentialAction":[{"@type":"ReadAction","target":["https:\/\/www.agrupamentoverticalgaviao.pt\/?page_id=1536"]}]},{"@type":"BreadcrumbList","@id":"https:\/\/www.agrupamentoverticalgaviao.pt\/?page_id=1536#breadcrumb","itemListElement":[{"@type":"ListItem","position":1,"name":"In\u00edcio","item":"https:\/\/www.agrupamentoverticalgaviao.pt\/"},{"@type":"ListItem","position":2,"name":"Representantes dos Encarregados de Educa\u00e7\u00e3o"}]},{"@type":"WebSite","@id":"https:\/\/www.agrupamentoverticalgaviao.pt\/#website","url":"https:\/\/www.agrupamentoverticalgaviao.pt\/","name":"Agrupamento de Escolas de Gavi\u00e3o","description":"","alternateName":"Agrupamento de Escolas de Gavi\u00e3o","potentialAction":[{"@type":"SearchAction","target":{"@type":"EntryPoint","urlTemplate":"https:\/\/www.agrupamentoverticalgaviao.pt\/?s={search_term_string}"},"query-input":{"@type":"PropertyValueSpecification","valueRequired":true,"valueName":"search_term_string"}}],"inLanguage":"pt-PT"}]}},"_links":{"self":[{"href":"https:\/\/www.agrupamentoverticalgaviao.pt\/index.php?rest_route=\/wp\/v2\/pages\/1536","targetHints":{"allow":["GET"]}}],"collection":[{"href":"https:\/\/www.agrupamentoverticalgaviao.pt\/index.php?rest_route=\/wp\/v2\/pages"}],"about":[{"href":"https:\/\/www.agrupamentoverticalgaviao.pt\/index.php?rest_route=\/wp\/v2\/types\/page"}],"author":[{"embeddable":true,"href":"https:\/\/www.agrupamentoverticalgaviao.pt\/index.php?rest_route=\/wp\/v2\/users\/1"}],"replies":[{"embeddable":true,"href":"https:\/\/www.agrupamentoverticalgaviao.pt\/index.php?rest_route=%2Fwp%2Fv2%2Fcomments&post=1536"}],"version-history":[{"count":10,"href":"https:\/\/www.agrupamentoverticalgaviao.pt\/index.php?rest_route=\/wp\/v2\/pages\/1536\/revisions"}],"predecessor-version":[{"id":46867,"href":"https:\/\/www.agrupamentoverticalgaviao.pt\/index.php?rest_route=\/wp\/v2\/pages\/1536\/revisions\/46867"}],"wp:attachment":[{"href":"https:\/\/www.agrupamentoverticalgaviao.pt\/index.php?rest_route=%2Fwp%2Fv2%2Fmedia&parent=1536"}],"curies":[{"name":"wp","href":"https:\/\/api.w.org\/{rel}","templated":true}]}}